{"id":15707,"date":"2025-09-09T11:33:55","date_gmt":"2025-09-09T10:33:55","guid":{"rendered":"https:\/\/www.antica.be\/products\/jorna-newberry\/"},"modified":"2025-09-09T11:35:08","modified_gmt":"2025-09-09T10:35:08","slug":"jorna-newberry","status":"publish","type":"products","link":"https:\/\/www.antica.be\/fr\/products\/jorna-newberry\/","title":{"rendered":"Jorna Newberry"},"content":{"rendered":"<p>Jorna Newberry, est une artiste aborig\u00e8ne du groupe Pitjantjatjara, puise son inspiration dans les terres sacr\u00e9es de ses anc\u00eatres et les r\u00e9cits du Temps du R\u00eave. Form\u00e9e par son oncle Tommy Watson, elle adopte une palette plus discr\u00e8te et symbolique, racontant notamment l\u2019histoire du l\u00e9zard Perentie. Elle peint ici son pays d\u2019Irrunytju, dans le d\u00e9sert occidental. Elle repr\u00e9sente aussi le Walpa Tjukurpa &#8211; le R\u00eave du vent qui fait r\u00e9f\u00e9rence au pays de sa m\u00e8re, Utantja, qui est une grande \u00e9tendue de terre sacr\u00e9e avec des collines et un trou rocheux o\u00f9 des Aborig\u00e8nes se rassemblaient pour peindre, danser et pour des c\u00e9r\u00e9monies. Sa parfaite ma\u00eetrise du \u00ab dot painting \u00bb refl\u00e8te une spiritualit\u00e9 profonde et une transmission culturelle active.<\/p>\n","protected":false},"excerpt":{"rendered":"<p>Jorna Newberry, est une artiste aborig\u00e8ne du groupe Pitjantjatjara, puise son inspiration dans les terres sacr\u00e9es de ses anc\u00eatres et les r\u00e9cits du Temps du R\u00eave. Form\u00e9e par son oncle Tommy Watson, elle adopte une palette plus discr\u00e8te et symbolique, racontant notamment l\u2019histoire du l\u00e9zard Perentie. Elle peint ici son pays d\u2019Irrunytju, dans le d\u00e9sert [&hellip;]<\/p>\n","protected":false},"featured_media":15712,"template":"","meta":{"_seopress_robots_primary_cat":"","_seopress_titles_title":"","_seopress_titles_desc":"","_seopress_robots_index":"","_api_id":"281896","_exhibitors":["13131"],"footnotes":""},"tags":[],"edition":[370],"product-category":[],"class_list":["post-15707","products","type-products","status-publish","has-post-thumbnail","hentry","edition-antica-namur-fine-art-fair-2025"],"_links":{"self":[{"href":"https:\/\/www.antica.be\/fr\/wp-json\/wp\/v2\/products\/15707","targetHints":{"allow":["GET"]}}],"collection":[{"href":"https:\/\/www.antica.be\/fr\/wp-json\/wp\/v2\/products"}],"about":[{"href":"https:\/\/www.antica.be\/fr\/wp-json\/wp\/v2\/types\/products"}],"version-history":[{"count":2,"href":"https:\/\/www.antica.be\/fr\/wp-json\/wp\/v2\/products\/15707\/revisions"}],"predecessor-version":[{"id":15718,"href":"https:\/\/www.antica.be\/fr\/wp-json\/wp\/v2\/products\/15707\/revisions\/15718"}],"wp:featuredmedia":[{"embeddable":true,"href":"https:\/\/www.antica.be\/fr\/wp-json\/wp\/v2\/media\/15712"}],"wp:attachment":[{"href":"https:\/\/www.antica.be\/fr\/wp-json\/wp\/v2\/media?parent=15707"}],"wp:term":[{"taxonomy":"post_tag","embeddable":true,"href":"https:\/\/www.antica.be\/fr\/wp-json\/wp\/v2\/tags?post=15707"},{"taxonomy":"edition","embeddable":true,"href":"https:\/\/www.antica.be\/fr\/wp-json\/wp\/v2\/edition?post=15707"},{"taxonomy":"product-category","embeddable":true,"href":"https:\/\/www.antica.be\/fr\/wp-json\/wp\/v2\/product-category?post=15707"}],"curies":[{"name":"wp","href":"https:\/\/api.w.org\/{rel}","templated":true}]}}