{"id":15735,"date":"2025-09-09T11:37:18","date_gmt":"2025-09-09T10:37:18","guid":{"rendered":"https:\/\/www.antica.be\/products\/abie-loy-kemarre\/"},"modified":"2025-09-09T11:38:07","modified_gmt":"2025-09-09T10:38:07","slug":"abie-loy-kemarre","status":"publish","type":"products","link":"https:\/\/www.antica.be\/fr\/products\/abie-loy-kemarre\/","title":{"rendered":"Abie Loy Kemarre"},"content":{"rendered":"<p>Originaire d\u2019Utopia dans le D\u00e9sert Central, Abie Loy Kemarre repr\u00e9sente ici une projection mentale \u201ca\u00e9rienne\u201d de son territoire sacr\u00e9 associ\u00e9 \u00e0 l\u2019Anc\u00eatre \u201cpoule du bush\u201d. Au Temps du R\u00eave, temps mythique de la cr\u00e9ation du Monde, cet anc\u00eatre voyagea au travers de ce territoire pour y trouver des graines symbolis\u00e9es par les multiples pointill\u00e9s dans un cama\u00efeu de bleus qui constellent la toile et la rendent si vibrante. Le cercle clair rouge et blanc, au centre du tableau, \u00e9voque \u00e0 la fois un trou d\u2019eau o\u00f9 s\u2019est abreuv\u00e9 l\u2019anc\u00eatre mais aussi le site c\u00e9r\u00e9moniel autour duquel sont encore c\u00e9l\u00e9br\u00e9es aujourd\u2019hui les histoires ancestrales li\u00e9es au R\u00eave de la poule du bush, rituels r\u00e9serv\u00e9s aux femmes.<\/p>\n","protected":false},"excerpt":{"rendered":"<p>Originaire d\u2019Utopia dans le D\u00e9sert Central, Abie Loy Kemarre repr\u00e9sente ici une projection mentale \u201ca\u00e9rienne\u201d de son territoire sacr\u00e9 associ\u00e9 \u00e0 l\u2019Anc\u00eatre \u201cpoule du bush\u201d. Au Temps du R\u00eave, temps mythique de la cr\u00e9ation du Monde, cet anc\u00eatre voyagea au travers de ce territoire pour y trouver des graines symbolis\u00e9es par les multiples pointill\u00e9s dans [&hellip;]<\/p>\n","protected":false},"featured_media":15742,"template":"","meta":{"_seopress_robots_primary_cat":"","_seopress_titles_title":"","_seopress_titles_desc":"","_seopress_robots_index":"","_api_id":"281897","_exhibitors":["13131"],"footnotes":""},"tags":[],"edition":[370],"product-category":[],"class_list":["post-15735","products","type-products","status-publish","has-post-thumbnail","hentry","edition-antica-namur-fine-art-fair-2025"],"_links":{"self":[{"href":"https:\/\/www.antica.be\/fr\/wp-json\/wp\/v2\/products\/15735","targetHints":{"allow":["GET"]}}],"collection":[{"href":"https:\/\/www.antica.be\/fr\/wp-json\/wp\/v2\/products"}],"about":[{"href":"https:\/\/www.antica.be\/fr\/wp-json\/wp\/v2\/types\/products"}],"version-history":[{"count":1,"href":"https:\/\/www.antica.be\/fr\/wp-json\/wp\/v2\/products\/15735\/revisions"}],"predecessor-version":[{"id":15747,"href":"https:\/\/www.antica.be\/fr\/wp-json\/wp\/v2\/products\/15735\/revisions\/15747"}],"wp:featuredmedia":[{"embeddable":true,"href":"https:\/\/www.antica.be\/fr\/wp-json\/wp\/v2\/media\/15742"}],"wp:attachment":[{"href":"https:\/\/www.antica.be\/fr\/wp-json\/wp\/v2\/media?parent=15735"}],"wp:term":[{"taxonomy":"post_tag","embeddable":true,"href":"https:\/\/www.antica.be\/fr\/wp-json\/wp\/v2\/tags?post=15735"},{"taxonomy":"edition","embeddable":true,"href":"https:\/\/www.antica.be\/fr\/wp-json\/wp\/v2\/edition?post=15735"},{"taxonomy":"product-category","embeddable":true,"href":"https:\/\/www.antica.be\/fr\/wp-json\/wp\/v2\/product-category?post=15735"}],"curies":[{"name":"wp","href":"https:\/\/api.w.org\/{rel}","templated":true}]}}