{"id":15826,"date":"2025-09-09T11:55:16","date_gmt":"2025-09-09T10:55:16","guid":{"rendered":"https:\/\/www.antica.be\/products\/abie-loy-kemarre-2\/"},"modified":"2025-09-09T11:56:05","modified_gmt":"2025-09-09T10:56:05","slug":"abie-loy-kemarre-2","status":"publish","type":"products","link":"https:\/\/www.antica.be\/fr\/products\/abie-loy-kemarre-2\/","title":{"rendered":"Abie Loy Kemarre"},"content":{"rendered":"<p>Abie Loy fait partie de la nouvelle g\u00e9n\u00e9ration des artistes de la communaut\u00e9 d\u2019Utopia, en plein c\u0153ur du d\u00e9sert australien. Elle a commenc\u00e9 \u00e0 peindre en 1994 sur les conseils de sa grand-m\u00e8re, la c\u00e9l\u00e8bre Kathleen Petyarre, qui l\u2019a guid\u00e9e dans ses premiers travaux, inspir\u00e9s des \u00ab r\u00eaves \u00bb dont elle est la gardienne rituelle.<\/p>\n<p>\u201cBush Leaves\u201d lui a \u00e9t\u00e9 dict\u00e9e par des imp\u00e9ratifs religieux : cette plante est li\u00e9e \u00e0 un territoire sacr\u00e9 dont Abie Loy et les siens ont la responsabilit\u00e9. En le mettant en sc\u00e8ne, elle manifeste sa \u201cpropri\u00e9t\u00e9\u201d rituelle sur le site o\u00f9 pousse la plante ; elle accomplit un devoir de m\u00e9moire puisque ce sont ses anc\u00eatres qui ont cr\u00e9\u00e9 le lieu. La plante qui se d\u00e9veloppe \u00e0 la belle saison est aussi un symbole de fertilit\u00e9 dans une r\u00e9gion au climat le plus souvent aride.<\/p>\n<p>     Cette toile t\u00e9moigne de la r\u00e9alit\u00e9 de cette fertilit\u00e9 et ainsi l\u2019assure pour l\u2019avenir.<\/p>\n","protected":false},"excerpt":{"rendered":"<p>Abie Loy fait partie de la nouvelle g\u00e9n\u00e9ration des artistes de la communaut\u00e9 d\u2019Utopia, en plein c\u0153ur du d\u00e9sert australien. Elle a commenc\u00e9 \u00e0 peindre en 1994 sur les conseils de sa grand-m\u00e8re, la c\u00e9l\u00e8bre Kathleen Petyarre, qui l\u2019a guid\u00e9e dans ses premiers travaux, inspir\u00e9s des \u00ab r\u00eaves \u00bb dont elle est la gardienne rituelle. [&hellip;]<\/p>\n","protected":false},"featured_media":15833,"template":"","meta":{"_seopress_robots_primary_cat":"","_seopress_titles_title":"","_seopress_titles_desc":"","_seopress_robots_index":"","_api_id":"281907","_exhibitors":["13131"],"footnotes":""},"tags":[],"edition":[370],"product-category":[],"class_list":["post-15826","products","type-products","status-publish","has-post-thumbnail","hentry","edition-antica-namur-fine-art-fair-2025"],"_links":{"self":[{"href":"https:\/\/www.antica.be\/fr\/wp-json\/wp\/v2\/products\/15826","targetHints":{"allow":["GET"]}}],"collection":[{"href":"https:\/\/www.antica.be\/fr\/wp-json\/wp\/v2\/products"}],"about":[{"href":"https:\/\/www.antica.be\/fr\/wp-json\/wp\/v2\/types\/products"}],"version-history":[{"count":2,"href":"https:\/\/www.antica.be\/fr\/wp-json\/wp\/v2\/products\/15826\/revisions"}],"predecessor-version":[{"id":15839,"href":"https:\/\/www.antica.be\/fr\/wp-json\/wp\/v2\/products\/15826\/revisions\/15839"}],"wp:featuredmedia":[{"embeddable":true,"href":"https:\/\/www.antica.be\/fr\/wp-json\/wp\/v2\/media\/15833"}],"wp:attachment":[{"href":"https:\/\/www.antica.be\/fr\/wp-json\/wp\/v2\/media?parent=15826"}],"wp:term":[{"taxonomy":"post_tag","embeddable":true,"href":"https:\/\/www.antica.be\/fr\/wp-json\/wp\/v2\/tags?post=15826"},{"taxonomy":"edition","embeddable":true,"href":"https:\/\/www.antica.be\/fr\/wp-json\/wp\/v2\/edition?post=15826"},{"taxonomy":"product-category","embeddable":true,"href":"https:\/\/www.antica.be\/fr\/wp-json\/wp\/v2\/product-category?post=15826"}],"curies":[{"name":"wp","href":"https:\/\/api.w.org\/{rel}","templated":true}]}}